{"id":125,"date":"2025-05-29T10:59:59","date_gmt":"2025-05-29T10:59:59","guid":{"rendered":"https:\/\/www.mutuacat.cat\/empresa\/?page_id=125"},"modified":"2025-12-23T10:05:36","modified_gmt":"2025-12-23T10:05:36","slug":"reconeixements-medics-laborals","status":"publish","type":"page","link":"https:\/\/www.mutuacat.cat\/empresa\/prevencio\/medicina-del-treball\/reconeixements-medics-laborals\/","title":{"rendered":"Reconeixements m\u00e8dics laborals"},"content":{"rendered":"\t\t<div data-elementor-type=\"wp-page\" data-elementor-id=\"125\" class=\"elementor elementor-125\" data-elementor-post-type=\"page\">\n\t\t\t\t\t\t<section class=\"elementor-section elementor-top-section elementor-element elementor-element-6aeec37 elementor-section-boxed elementor-section-height-default elementor-section-height-default\" data-id=\"6aeec37\" data-element_type=\"section\" data-e-type=\"section\">\n\t\t\t\t\t\t<div class=\"elementor-container elementor-column-gap-default\">\n\t\t\t\t\t<div class=\"elementor-column elementor-col-100 elementor-top-column elementor-element elementor-element-1f23096\" data-id=\"1f23096\" data-element_type=\"column\" data-e-type=\"column\">\n\t\t\t<div class=\"elementor-widget-wrap elementor-element-populated\">\n\t\t\t\t<div class=\"elementor-element elementor-element-cfc903f e-con-full e-flex e-con e-parent\" data-id=\"cfc903f\" data-element_type=\"container\" data-e-type=\"container\">\n\t\t<div class=\"elementor-element elementor-element-e624009 e-con-full e-flex e-con e-child\" data-id=\"e624009\" data-element_type=\"container\" data-e-type=\"container\">\n\t\t\t\t<div class=\"elementor-element elementor-element-70b06a4 elementor-widget elementor-widget-elementskit-heading\" data-id=\"70b06a4\" data-element_type=\"widget\" data-e-type=\"widget\" data-widget_type=\"elementskit-heading.default\">\n\t\t\t\t<div class=\"elementor-widget-container\">\n\t\t\t\t\t<div class=\"ekit-wid-con\" ><div class=\"ekit-heading elementskit-section-title-wraper text_left   ekit_heading_tablet-   ekit_heading_mobile-\"><div class=\"ekit-heading--title elementskit-section-title \">Medicina del treball<\/div><h1 class=\"ekit-heading--subtitle elementskit-section-subtitle  \">\n\t\t\t\t\t\tReconeixements m\u00e8dics laborals\n\t\t\t\t\t<\/h1><\/div><\/div>\t\t\t\t<\/div>\n\t\t\t\t<\/div>\n\t\t\t\t<div class=\"elementor-element elementor-element-fdb517a elementor-widget elementor-widget-text-editor\" data-id=\"fdb517a\" data-element_type=\"widget\" data-e-type=\"widget\" data-widget_type=\"text-editor.default\">\n\t\t\t\t<div class=\"elementor-widget-container\">\n\t\t\t\t\t\t\t\t\t<p><span style=\"font-weight: 400;\">A Mutuacat Prevenci\u00f3 entenem que la salut dels treballadors \u00e9s un actiu clau per a la competitivitat i la sostenibilitat de qualsevol empresa. Per aix\u00f2, oferim reconeixements m\u00e8dics segons els protocols de riscos laborals i anal\u00edtiques espec\u00edfiques segons l\u2019exposici\u00f3 higi\u00e8nica laboral.<\/span><\/p><p><span style=\"font-weight: 400;\">Ens adaptem a cada entorn productiu, amb una gesti\u00f3 eficient, rigorosa i orientada a resultats.<\/span><\/p>\t\t\t\t\t\t\t\t<\/div>\n\t\t\t\t<\/div>\n\t\t\t\t<div class=\"elementor-element elementor-element-ce6958a elementor-widget elementor-widget-heading\" data-id=\"ce6958a\" data-element_type=\"widget\" data-e-type=\"widget\" data-widget_type=\"heading.default\">\n\t\t\t\t<div class=\"elementor-widget-container\">\n\t\t\t\t\t<h2 class=\"elementor-heading-title elementor-size-default\">Per qu\u00e8 s\u00f3n importants per a la teva empresa?\n<\/h2>\t\t\t\t<\/div>\n\t\t\t\t<\/div>\n\t\t\t\t<div class=\"elementor-element elementor-element-b220fc9 elementor-widget elementor-widget-text-editor\" data-id=\"b220fc9\" data-element_type=\"widget\" data-e-type=\"widget\" data-widget_type=\"text-editor.default\">\n\t\t\t\t<div class=\"elementor-widget-container\">\n\t\t\t\t\t\t\t\t\t<p><span style=\"font-weight: 400;\">Els reconeixements m\u00e8dics laborals no nom\u00e9s compleixen amb la normativa vigent, sin\u00f3 que aporten valor real a la gesti\u00f3 empresarial:<\/span><\/p><ul><li style=\"font-weight: 400;\" aria-level=\"1\"><span style=\"font-weight: 400;\">Redueixen l\u2019absentisme i milloren la productivitat<\/span><\/li><li style=\"font-weight: 400;\" aria-level=\"1\"><span style=\"font-weight: 400;\">Detecten preco\u00e7ment riscos per a la salut<\/span><\/li><li style=\"font-weight: 400;\" aria-level=\"1\"><span style=\"font-weight: 400;\">Milloren el clima laboral i la confian\u00e7a interna<\/span><\/li><li style=\"font-weight: 400;\" aria-level=\"1\"><span style=\"font-weight: 400;\">Faciliten la presa de decisions en prevenci\u00f3 de riscos laborals i recursos humans<\/span><\/li><li style=\"font-weight: 400;\" aria-level=\"1\"><span style=\"font-weight: 400;\">Reforcen la imatge de responsabilitat corporativa<\/span><\/li><\/ul>\t\t\t\t\t\t\t\t<\/div>\n\t\t\t\t<\/div>\n\t\t\t\t<\/div>\n\t\t<div class=\"elementor-element elementor-element-8cb1612 e-con-full e-flex e-con e-child\" data-id=\"8cb1612\" data-element_type=\"container\" data-e-type=\"container\" data-settings=\"{&quot;background_background&quot;:&quot;classic&quot;}\">\n\t\t\t\t<\/div>\n\t\t\t\t<\/div>\n\t\t\t\t\t<\/div>\n\t\t<\/div>\n\t\t\t\t\t<\/div>\n\t\t<\/section>\n\t\t<div class=\"elementor-element elementor-element-ab2fbd8 e-flex e-con-boxed e-con e-parent\" data-id=\"ab2fbd8\" data-element_type=\"container\" data-e-type=\"container\">\n\t\t\t\t\t<div class=\"e-con-inner\">\n\t\t<div class=\"elementor-element elementor-element-25c2b8b e-con-full e-flex e-con e-child\" data-id=\"25c2b8b\" data-element_type=\"container\" data-e-type=\"container\">\n\t\t<div class=\"elementor-element elementor-element-2c6be97 e-con-full e-flex e-con e-child\" data-id=\"2c6be97\" data-element_type=\"container\" data-e-type=\"container\">\n\t\t<div class=\"elementor-element elementor-element-37337cf e-con-full e-flex e-con e-child\" data-id=\"37337cf\" data-element_type=\"container\" data-e-type=\"container\" data-settings=\"{&quot;background_background&quot;:&quot;classic&quot;}\">\n\t\t\t\t<div class=\"elementor-element elementor-element-34ca7bf elementor-widget elementor-widget-spacer\" data-id=\"34ca7bf\" data-element_type=\"widget\" data-e-type=\"widget\" data-widget_type=\"spacer.default\">\n\t\t\t\t<div class=\"elementor-widget-container\">\n\t\t\t\t\t\t\t<div class=\"elementor-spacer\">\n\t\t\t<div class=\"elementor-spacer-inner\"><\/div>\n\t\t<\/div>\n\t\t\t\t\t\t<\/div>\n\t\t\t\t<\/div>\n\t\t\t\t<\/div>\n\t\t\t\t<\/div>\n\t\t<div class=\"elementor-element elementor-element-2f22e22 e-con-full e-flex e-con e-child\" data-id=\"2f22e22\" data-element_type=\"container\" data-e-type=\"container\">\n\t\t<div class=\"elementor-element elementor-element-e2a0c17 e-con-full e-flex e-con e-child\" data-id=\"e2a0c17\" data-element_type=\"container\" data-e-type=\"container\">\n\t\t\t\t<div class=\"elementor-element elementor-element-c6b4aa1 elementor-widget elementor-widget-heading\" data-id=\"c6b4aa1\" data-element_type=\"widget\" data-e-type=\"widget\" data-widget_type=\"heading.default\">\n\t\t\t\t<div class=\"elementor-widget-container\">\n\t\t\t\t\t<h2 class=\"elementor-heading-title elementor-size-default\">Qu\u00e8 t\u2019oferim?<\/h2>\t\t\t\t<\/div>\n\t\t\t\t<\/div>\n\t\t\t\t<\/div>\n\t\t\t\t<div class=\"elementor-element elementor-element-58e3be9 elementor-position-inline-start elementor-view-default elementor-mobile-position-block-start elementor-widget elementor-widget-icon-box\" data-id=\"58e3be9\" data-element_type=\"widget\" data-e-type=\"widget\" data-widget_type=\"icon-box.default\">\n\t\t\t\t<div class=\"elementor-widget-container\">\n\t\t\t\t\t\t\t<div class=\"elementor-icon-box-wrapper\">\n\n\t\t\t\t\t\t<div class=\"elementor-icon-box-icon\">\n\t\t\t\t<span  class=\"elementor-icon\">\n\t\t\t\t<i aria-hidden=\"true\" class=\"icon icon-doctor\"><\/i>\t\t\t\t<\/span>\n\t\t\t<\/div>\n\t\t\t\n\t\t\t\t\t\t<div class=\"elementor-icon-box-content\">\n\n\t\t\t\t\t\t\t\t\t<h3 class=\"elementor-icon-box-title\">\n\t\t\t\t\t\t<span  >\n\t\t\t\t\t\t\tReconeixements inicials, peri\u00f2dics i post baixa\t\t\t\t\t\t<\/span>\n\t\t\t\t\t<\/h3>\n\t\t\t\t\n\t\t\t\t\t\t\t\t\t<p class=\"elementor-icon-box-description\">\n\t\t\t\t\t\tAdaptats al lloc de treball i als riscos espec\u00edfics de cada activitat.\n\t\t\t\t\t<\/p>\n\t\t\t\t\n\t\t\t<\/div>\n\t\t\t\n\t\t<\/div>\n\t\t\t\t\t\t<\/div>\n\t\t\t\t<\/div>\n\t\t\t\t<div class=\"elementor-element elementor-element-8e90876 elementor-position-inline-start elementor-view-default elementor-mobile-position-block-start elementor-widget elementor-widget-icon-box\" data-id=\"8e90876\" data-element_type=\"widget\" data-e-type=\"widget\" data-widget_type=\"icon-box.default\">\n\t\t\t\t<div class=\"elementor-widget-container\">\n\t\t\t\t\t\t\t<div class=\"elementor-icon-box-wrapper\">\n\n\t\t\t\t\t\t<div class=\"elementor-icon-box-icon\">\n\t\t\t\t<span  class=\"elementor-icon\">\n\t\t\t\t<i aria-hidden=\"true\" class=\"icon icon-heart\"><\/i>\t\t\t\t<\/span>\n\t\t\t<\/div>\n\t\t\t\n\t\t\t\t\t\t<div class=\"elementor-icon-box-content\">\n\n\t\t\t\t\t\t\t\t\t<h3 class=\"elementor-icon-box-title\">\n\t\t\t\t\t\t<span  >\n\t\t\t\t\t\t\tProves complement\u00e0ries segons el perfil de risc\t\t\t\t\t\t<\/span>\n\t\t\t\t\t<\/h3>\n\t\t\t\t\n\t\t\t\t\t\t\t\t\t<p class=\"elementor-icon-box-description\">\n\t\t\t\t\t\tAudiometries, espirometries, anal\u00edtiques, ECG...\n\t\t\t\t\t<\/p>\n\t\t\t\t\n\t\t\t<\/div>\n\t\t\t\n\t\t<\/div>\n\t\t\t\t\t\t<\/div>\n\t\t\t\t<\/div>\n\t\t\t\t<div class=\"elementor-element elementor-element-c885493 elementor-position-inline-start elementor-view-default elementor-mobile-position-block-start elementor-widget elementor-widget-icon-box\" data-id=\"c885493\" data-element_type=\"widget\" data-e-type=\"widget\" data-widget_type=\"icon-box.default\">\n\t\t\t\t<div class=\"elementor-widget-container\">\n\t\t\t\t\t\t\t<div class=\"elementor-icon-box-wrapper\">\n\n\t\t\t\t\t\t<div class=\"elementor-icon-box-icon\">\n\t\t\t\t<span  class=\"elementor-icon\">\n\t\t\t\t<i aria-hidden=\"true\" class=\"icon icon-Document-Search\"><\/i>\t\t\t\t<\/span>\n\t\t\t<\/div>\n\t\t\t\n\t\t\t\t\t\t<div class=\"elementor-icon-box-content\">\n\n\t\t\t\t\t\t\t\t\t<h3 class=\"elementor-icon-box-title\">\n\t\t\t\t\t\t<span  >\n\t\t\t\t\t\t\tInforme m\u00e8dic amb valoraci\u00f3 d\u2019aptitud\t\t\t\t\t\t<\/span>\n\t\t\t\t\t<\/h3>\n\t\t\t\t\n\t\t\t\t\t\t\t\t\t<p class=\"elementor-icon-box-description\">\n\t\t\t\t\t\tConfidencial per al treballador, amb indicacions clares per a l\u2019empresa.\t\t\t\t\t<\/p>\n\t\t\t\t\n\t\t\t<\/div>\n\t\t\t\n\t\t<\/div>\n\t\t\t\t\t\t<\/div>\n\t\t\t\t<\/div>\n\t\t\t\t<div class=\"elementor-element elementor-element-6c63f48 elementor-position-inline-start elementor-view-default elementor-mobile-position-block-start elementor-widget elementor-widget-icon-box\" data-id=\"6c63f48\" data-element_type=\"widget\" data-e-type=\"widget\" data-widget_type=\"icon-box.default\">\n\t\t\t\t<div class=\"elementor-widget-container\">\n\t\t\t\t\t\t\t<div class=\"elementor-icon-box-wrapper\">\n\n\t\t\t\t\t\t<div class=\"elementor-icon-box-icon\">\n\t\t\t\t<span  class=\"elementor-icon\">\n\t\t\t\t<i aria-hidden=\"true\" class=\"icon icon-car-1\"><\/i>\t\t\t\t<\/span>\n\t\t\t<\/div>\n\t\t\t\n\t\t\t\t\t\t<div class=\"elementor-icon-box-content\">\n\n\t\t\t\t\t\t\t\t\t<h3 class=\"elementor-icon-box-title\">\n\t\t\t\t\t\t<span  >\n\t\t\t\t\t\t\tFlexibilitat i proximitat\t\t\t\t\t\t<\/span>\n\t\t\t\t\t<\/h3>\n\t\t\t\t\n\t\t\t\t\t\t\t\t\t<p class=\"elementor-icon-box-description\">\n\t\t\t\t\t\tFem reconeixements de dilluns a divendres als nostres centres de Manresa i Vic. Per a grups de 20 persones o m\u00e9s, podem despla\u00e7ar-nos a les instal\u00b7lacions de l\u2019empresa.\t\t\t\t\t<\/p>\n\t\t\t\t\n\t\t\t<\/div>\n\t\t\t\n\t\t<\/div>\n\t\t\t\t\t\t<\/div>\n\t\t\t\t<\/div>\n\t\t\t\t<\/div>\n\t\t\t\t<\/div>\n\t\t\t\t\t<\/div>\n\t\t\t\t<\/div>\n\t\t<div class=\"elementor-element elementor-element-19059f6 e-flex e-con-boxed e-con e-parent\" data-id=\"19059f6\" data-element_type=\"container\" data-e-type=\"container\" data-settings=\"{&quot;background_background&quot;:&quot;classic&quot;}\">\n\t\t\t\t\t<div class=\"e-con-inner\">\n\t\t<div class=\"elementor-element elementor-element-cdf0b9d e-flex e-con-boxed e-con e-child\" data-id=\"cdf0b9d\" data-element_type=\"container\" data-e-type=\"container\">\n\t\t\t\t\t<div class=\"e-con-inner\">\n\t\t\t\t<div class=\"elementor-element elementor-element-ffba0e5 elementor-widget elementor-widget-heading\" data-id=\"ffba0e5\" data-element_type=\"widget\" data-e-type=\"widget\" data-widget_type=\"heading.default\">\n\t\t\t\t<div class=\"elementor-widget-container\">\n\t\t\t\t\t<h3 class=\"elementor-heading-title elementor-size-default\">Un equip m\u00e8dic al teu costat\n<\/h3>\t\t\t\t<\/div>\n\t\t\t\t<\/div>\n\t\t\t\t<div class=\"elementor-element elementor-element-cb11fff elementor-widget elementor-widget-text-editor\" data-id=\"cb11fff\" data-element_type=\"widget\" data-e-type=\"widget\" data-widget_type=\"text-editor.default\">\n\t\t\t\t<div class=\"elementor-widget-container\">\n\t\t\t\t\t\t\t\t\t<p><span style=\"font-weight: 400;\">El nostre equip de medicina del treball t\u2019acompanya en tot el proc\u00e9s, amb una visi\u00f3 preventiva, t\u00e8cnica i humana. Ens adaptem a les necessitats de cada empresa, aportant solucions que cuiden les persones i reforcen l\u2019efici\u00e8ncia organitzativa.<\/span><\/p>\t\t\t\t\t\t\t\t<\/div>\n\t\t\t\t<\/div>\n\t\t\t\t\t<\/div>\n\t\t\t\t<\/div>\n\t\t<div class=\"elementor-element elementor-element-40d2b55 e-con-full e-flex e-con e-child\" data-id=\"40d2b55\" data-element_type=\"container\" data-e-type=\"container\">\n\t\t\t\t<div class=\"elementor-element elementor-element-2806671 elementor-cta--layout-image-left elementor-cta--valign-top sticky-element elementor-cta--skin-classic elementor-animated-content elementor-bg-transform elementor-bg-transform-zoom-in elementor-widget elementor-widget-global elementor-global-1325 elementor-widget-call-to-action\" data-id=\"2806671\" data-element_type=\"widget\" data-e-type=\"widget\" data-widget_type=\"call-to-action.default\">\n\t\t\t\t<div class=\"elementor-widget-container\">\n\t\t\t\t\t\t\t<div class=\"elementor-cta\">\n\t\t\t\t\t\t\t<div class=\"elementor-cta__content\">\n\t\t\t\t\t\t\t\t\t<div class=\"elementor-content-item elementor-cta__content-item elementor-icon-wrapper elementor-cta__icon elementor-view-default\">\n\t\t\t\t\t\t<div class=\"elementor-icon\">\n\t\t\t\t\t\t\t<svg aria-hidden=\"true\" class=\"e-font-icon-svg e-far-comments\" viewBox=\"0 0 576 512\" xmlns=\"http:\/\/www.w3.org\/2000\/svg\"><path d=\"M532 386.2c27.5-27.1 44-61.1 44-98.2 0-80-76.5-146.1-176.2-157.9C368.3 72.5 294.3 32 208 32 93.1 32 0 103.6 0 192c0 37 16.5 71 44 98.2-15.3 30.7-37.3 54.5-37.7 54.9-6.3 6.7-8.1 16.5-4.4 25 3.6 8.5 12 14 21.2 14 53.5 0 96.7-20.2 125.2-38.8 9.2 2.1 18.7 3.7 28.4 4.9C208.1 407.6 281.8 448 368 448c20.8 0 40.8-2.4 59.8-6.8C456.3 459.7 499.4 480 553 480c9.2 0 17.5-5.5 21.2-14 3.6-8.5 1.9-18.3-4.4-25-.4-.3-22.5-24.1-37.8-54.8zm-392.8-92.3L122.1 305c-14.1 9.1-28.5 16.3-43.1 21.4 2.7-4.7 5.4-9.7 8-14.8l15.5-31.1L77.7 256C64.2 242.6 48 220.7 48 192c0-60.7 73.3-112 160-112s160 51.3 160 112-73.3 112-160 112c-16.5 0-33-1.9-49-5.6l-19.8-4.5zM498.3 352l-24.7 24.4 15.5 31.1c2.6 5.1 5.3 10.1 8 14.8-14.6-5.1-29-12.3-43.1-21.4l-17.1-11.1-19.9 4.6c-16 3.7-32.5 5.6-49 5.6-54 0-102.2-20.1-131.3-49.7C338 339.5 416 272.9 416 192c0-3.4-.4-6.7-.7-10C479.7 196.5 528 238.8 528 288c0 28.7-16.2 50.6-29.7 64z\"><\/path><\/svg>\t\t\t\t\t\t<\/div>\n\t\t\t\t\t<\/div>\n\t\t\t\t\n\t\t\t\t\t\t\t\t\t<h2 class=\"elementor-cta__title elementor-cta__content-item elementor-content-item\">\n\t\t\t\t\t\tEn parlem?\t\t\t\t\t<\/h2>\n\t\t\t\t\n\t\t\t\t\t\t\t\t\t<div class=\"elementor-cta__description elementor-cta__content-item elementor-content-item\">\n\t\t\t\t\t\tDemana'ns m\u00e9s informaci\u00f3 o pressupost.\t\t\t\t\t<\/div>\n\t\t\t\t\n\t\t\t\t\t\t\t\t\t<div class=\"elementor-cta__button-wrapper elementor-cta__content-item elementor-content-item \">\n\t\t\t\t\t<a class=\"elementor-cta__button elementor-button elementor-size-\" href=\"https:\/\/www.mutuacat.cat\/empresa\/prevencio\/contacte\/\">\n\t\t\t\t\t\tContactar\t\t\t\t\t<\/a>\n\t\t\t\t\t<\/div>\n\t\t\t\t\t\t\t<\/div>\n\t\t\t\t\t\t<\/div>\n\t\t\t\t\t\t<\/div>\n\t\t\t\t<\/div>\n\t\t\t\t<\/div>\n\t\t\t\t\t<\/div>\n\t\t\t\t<\/div>\n\t\t\t\t<\/div>\n\t\t","protected":false},"excerpt":{"rendered":"<p>Medicina del treball Reconeixements m\u00e8dics laborals A Mutuacat Prevenci\u00f3 entenem que la salut dels treballadors \u00e9s un actiu clau per a la competitivitat i la sostenibilitat de qualsevol empresa. Per aix\u00f2, oferim reconeixements m\u00e8dics segons els protocols de riscos laborals i anal\u00edtiques espec\u00edfiques segons l\u2019exposici\u00f3 higi\u00e8nica laboral. Ens adaptem a cada entorn productiu, amb una [&hellip;]<\/p>\n","protected":false},"author":4,"featured_media":2208,"parent":123,"menu_order":0,"comment_status":"closed","ping_status":"closed","template":"","meta":{"_acf_changed":false,"footnotes":""},"class_list":["post-125","page","type-page","status-publish","has-post-thumbnail","hentry"],"acf":[],"yoast_head":"<!-- This site is optimized with the Yoast SEO plugin v26.9 - https:\/\/yoast.com\/product\/yoast-seo-wordpress\/ -->\n<title>Reconeixements m\u00e8dics laborals - Mutuacat Empresa<\/title>\n<meta name=\"description\" content=\"Oferim reconeixements m\u00e8dics per ajudar a les empreses a prendre decisions en mat\u00e8ria de riscos laborals i complir amb la normativa vigent.\" \/>\n<meta name=\"robots\" content=\"index, follow, max-snippet:-1, max-image-preview:large, max-video-preview:-1\" \/>\n<link rel=\"canonical\" href=\"https:\/\/www.mutuacat.cat\/empresa\/prevencio\/medicina-del-treball\/reconeixements-medics-laborals\/\" \/>\n<meta property=\"og:locale\" content=\"ca_ES\" \/>\n<meta property=\"og:type\" content=\"article\" \/>\n<meta property=\"og:title\" content=\"Reconeixements m\u00e8dics laborals - Mutuacat Empresa\" \/>\n<meta property=\"og:description\" content=\"Oferim reconeixements m\u00e8dics per ajudar a les empreses a prendre decisions en mat\u00e8ria de riscos laborals i complir amb la normativa vigent.\" \/>\n<meta property=\"og:url\" content=\"https:\/\/www.mutuacat.cat\/empresa\/prevencio\/medicina-del-treball\/reconeixements-medics-laborals\/\" \/>\n<meta property=\"og:site_name\" content=\"Mutuacat Empresa\" \/>\n<meta property=\"article:modified_time\" content=\"2025-12-23T10:05:36+00:00\" \/>\n<meta property=\"og:image\" content=\"https:\/\/www.mutuacat.cat\/empresa\/wp-content\/uploads\/2025\/08\/15.png\" \/>\n\t<meta property=\"og:image:width\" content=\"1949\" \/>\n\t<meta property=\"og:image:height\" content=\"673\" \/>\n\t<meta property=\"og:image:type\" content=\"image\/png\" \/>\n<meta name=\"twitter:card\" content=\"summary_large_image\" \/>\n<meta name=\"twitter:label1\" content=\"Temps estimat de lectura\" \/>\n\t<meta name=\"twitter:data1\" content=\"2 minuts\" \/>\n<script type=\"application\/ld+json\" class=\"yoast-schema-graph\">{\"@context\":\"https:\/\/schema.org\",\"@graph\":[{\"@type\":\"WebPage\",\"@id\":\"https:\/\/www.mutuacat.cat\/empresa\/prevencio\/medicina-del-treball\/reconeixements-medics-laborals\/\",\"url\":\"https:\/\/www.mutuacat.cat\/empresa\/prevencio\/medicina-del-treball\/reconeixements-medics-laborals\/\",\"name\":\"Reconeixements m\u00e8dics laborals - Mutuacat Empresa\",\"isPartOf\":{\"@id\":\"https:\/\/www.mutuacat.cat\/empresa\/#website\"},\"primaryImageOfPage\":{\"@id\":\"https:\/\/www.mutuacat.cat\/empresa\/prevencio\/medicina-del-treball\/reconeixements-medics-laborals\/#primaryimage\"},\"image\":{\"@id\":\"https:\/\/www.mutuacat.cat\/empresa\/prevencio\/medicina-del-treball\/reconeixements-medics-laborals\/#primaryimage\"},\"thumbnailUrl\":\"https:\/\/www.mutuacat.cat\/empresa\/wp-content\/uploads\/2025\/08\/15.png\",\"datePublished\":\"2025-05-29T10:59:59+00:00\",\"dateModified\":\"2025-12-23T10:05:36+00:00\",\"description\":\"Oferim reconeixements m\u00e8dics per ajudar a les empreses a prendre decisions en mat\u00e8ria de riscos laborals i complir amb la normativa vigent.\",\"breadcrumb\":{\"@id\":\"https:\/\/www.mutuacat.cat\/empresa\/prevencio\/medicina-del-treball\/reconeixements-medics-laborals\/#breadcrumb\"},\"inLanguage\":\"ca\",\"potentialAction\":[{\"@type\":\"ReadAction\",\"target\":[\"https:\/\/www.mutuacat.cat\/empresa\/prevencio\/medicina-del-treball\/reconeixements-medics-laborals\/\"]}]},{\"@type\":\"ImageObject\",\"inLanguage\":\"ca\",\"@id\":\"https:\/\/www.mutuacat.cat\/empresa\/prevencio\/medicina-del-treball\/reconeixements-medics-laborals\/#primaryimage\",\"url\":\"https:\/\/www.mutuacat.cat\/empresa\/wp-content\/uploads\/2025\/08\/15.png\",\"contentUrl\":\"https:\/\/www.mutuacat.cat\/empresa\/wp-content\/uploads\/2025\/08\/15.png\",\"width\":1949,\"height\":673},{\"@type\":\"BreadcrumbList\",\"@id\":\"https:\/\/www.mutuacat.cat\/empresa\/prevencio\/medicina-del-treball\/reconeixements-medics-laborals\/#breadcrumb\",\"itemListElement\":[{\"@type\":\"ListItem\",\"position\":1,\"name\":\"Inici\",\"item\":\"https:\/\/www.mutuacat.cat\/empresa\/\"},{\"@type\":\"ListItem\",\"position\":2,\"name\":\"Prevenci\u00f3 de riscos laborals\",\"item\":\"https:\/\/www.mutuacat.cat\/empresa\/prevencio\/\"},{\"@type\":\"ListItem\",\"position\":3,\"name\":\"Medicina del treball\",\"item\":\"https:\/\/www.mutuacat.cat\/empresa\/prevencio\/medicina-del-treball\/\"},{\"@type\":\"ListItem\",\"position\":4,\"name\":\"Reconeixements m\u00e8dics laborals\"}]},{\"@type\":\"WebSite\",\"@id\":\"https:\/\/www.mutuacat.cat\/empresa\/#website\",\"url\":\"https:\/\/www.mutuacat.cat\/empresa\/\",\"name\":\"Mutuacat Empresa\",\"description\":\"\",\"potentialAction\":[{\"@type\":\"SearchAction\",\"target\":{\"@type\":\"EntryPoint\",\"urlTemplate\":\"https:\/\/www.mutuacat.cat\/empresa\/?s={search_term_string}\"},\"query-input\":{\"@type\":\"PropertyValueSpecification\",\"valueRequired\":true,\"valueName\":\"search_term_string\"}}],\"inLanguage\":\"ca\"}]}<\/script>\n<!-- \/ Yoast SEO plugin. -->","yoast_head_json":{"title":"Reconeixements m\u00e8dics laborals - Mutuacat Empresa","description":"Oferim reconeixements m\u00e8dics per ajudar a les empreses a prendre decisions en mat\u00e8ria de riscos laborals i complir amb la normativa vigent.","robots":{"index":"index","follow":"follow","max-snippet":"max-snippet:-1","max-image-preview":"max-image-preview:large","max-video-preview":"max-video-preview:-1"},"canonical":"https:\/\/www.mutuacat.cat\/empresa\/prevencio\/medicina-del-treball\/reconeixements-medics-laborals\/","og_locale":"ca_ES","og_type":"article","og_title":"Reconeixements m\u00e8dics laborals - Mutuacat Empresa","og_description":"Oferim reconeixements m\u00e8dics per ajudar a les empreses a prendre decisions en mat\u00e8ria de riscos laborals i complir amb la normativa vigent.","og_url":"https:\/\/www.mutuacat.cat\/empresa\/prevencio\/medicina-del-treball\/reconeixements-medics-laborals\/","og_site_name":"Mutuacat Empresa","article_modified_time":"2025-12-23T10:05:36+00:00","og_image":[{"width":1949,"height":673,"url":"https:\/\/www.mutuacat.cat\/empresa\/wp-content\/uploads\/2025\/08\/15.png","type":"image\/png"}],"twitter_card":"summary_large_image","twitter_misc":{"Temps estimat de lectura":"2 minuts"},"schema":{"@context":"https:\/\/schema.org","@graph":[{"@type":"WebPage","@id":"https:\/\/www.mutuacat.cat\/empresa\/prevencio\/medicina-del-treball\/reconeixements-medics-laborals\/","url":"https:\/\/www.mutuacat.cat\/empresa\/prevencio\/medicina-del-treball\/reconeixements-medics-laborals\/","name":"Reconeixements m\u00e8dics laborals - Mutuacat Empresa","isPartOf":{"@id":"https:\/\/www.mutuacat.cat\/empresa\/#website"},"primaryImageOfPage":{"@id":"https:\/\/www.mutuacat.cat\/empresa\/prevencio\/medicina-del-treball\/reconeixements-medics-laborals\/#primaryimage"},"image":{"@id":"https:\/\/www.mutuacat.cat\/empresa\/prevencio\/medicina-del-treball\/reconeixements-medics-laborals\/#primaryimage"},"thumbnailUrl":"https:\/\/www.mutuacat.cat\/empresa\/wp-content\/uploads\/2025\/08\/15.png","datePublished":"2025-05-29T10:59:59+00:00","dateModified":"2025-12-23T10:05:36+00:00","description":"Oferim reconeixements m\u00e8dics per ajudar a les empreses a prendre decisions en mat\u00e8ria de riscos laborals i complir amb la normativa vigent.","breadcrumb":{"@id":"https:\/\/www.mutuacat.cat\/empresa\/prevencio\/medicina-del-treball\/reconeixements-medics-laborals\/#breadcrumb"},"inLanguage":"ca","potentialAction":[{"@type":"ReadAction","target":["https:\/\/www.mutuacat.cat\/empresa\/prevencio\/medicina-del-treball\/reconeixements-medics-laborals\/"]}]},{"@type":"ImageObject","inLanguage":"ca","@id":"https:\/\/www.mutuacat.cat\/empresa\/prevencio\/medicina-del-treball\/reconeixements-medics-laborals\/#primaryimage","url":"https:\/\/www.mutuacat.cat\/empresa\/wp-content\/uploads\/2025\/08\/15.png","contentUrl":"https:\/\/www.mutuacat.cat\/empresa\/wp-content\/uploads\/2025\/08\/15.png","width":1949,"height":673},{"@type":"BreadcrumbList","@id":"https:\/\/www.mutuacat.cat\/empresa\/prevencio\/medicina-del-treball\/reconeixements-medics-laborals\/#breadcrumb","itemListElement":[{"@type":"ListItem","position":1,"name":"Inici","item":"https:\/\/www.mutuacat.cat\/empresa\/"},{"@type":"ListItem","position":2,"name":"Prevenci\u00f3 de riscos laborals","item":"https:\/\/www.mutuacat.cat\/empresa\/prevencio\/"},{"@type":"ListItem","position":3,"name":"Medicina del treball","item":"https:\/\/www.mutuacat.cat\/empresa\/prevencio\/medicina-del-treball\/"},{"@type":"ListItem","position":4,"name":"Reconeixements m\u00e8dics laborals"}]},{"@type":"WebSite","@id":"https:\/\/www.mutuacat.cat\/empresa\/#website","url":"https:\/\/www.mutuacat.cat\/empresa\/","name":"Mutuacat Empresa","description":"","potentialAction":[{"@type":"SearchAction","target":{"@type":"EntryPoint","urlTemplate":"https:\/\/www.mutuacat.cat\/empresa\/?s={search_term_string}"},"query-input":{"@type":"PropertyValueSpecification","valueRequired":true,"valueName":"search_term_string"}}],"inLanguage":"ca"}]}},"_links":{"self":[{"href":"https:\/\/www.mutuacat.cat\/empresa\/wp-json\/wp\/v2\/pages\/125","targetHints":{"allow":["GET"]}}],"collection":[{"href":"https:\/\/www.mutuacat.cat\/empresa\/wp-json\/wp\/v2\/pages"}],"about":[{"href":"https:\/\/www.mutuacat.cat\/empresa\/wp-json\/wp\/v2\/types\/page"}],"author":[{"embeddable":true,"href":"https:\/\/www.mutuacat.cat\/empresa\/wp-json\/wp\/v2\/users\/4"}],"replies":[{"embeddable":true,"href":"https:\/\/www.mutuacat.cat\/empresa\/wp-json\/wp\/v2\/comments?post=125"}],"version-history":[{"count":43,"href":"https:\/\/www.mutuacat.cat\/empresa\/wp-json\/wp\/v2\/pages\/125\/revisions"}],"predecessor-version":[{"id":2552,"href":"https:\/\/www.mutuacat.cat\/empresa\/wp-json\/wp\/v2\/pages\/125\/revisions\/2552"}],"up":[{"embeddable":true,"href":"https:\/\/www.mutuacat.cat\/empresa\/wp-json\/wp\/v2\/pages\/123"}],"wp:featuredmedia":[{"embeddable":true,"href":"https:\/\/www.mutuacat.cat\/empresa\/wp-json\/wp\/v2\/media\/2208"}],"wp:attachment":[{"href":"https:\/\/www.mutuacat.cat\/empresa\/wp-json\/wp\/v2\/media?parent=125"}],"curies":[{"name":"wp","href":"https:\/\/api.w.org\/{rel}","templated":true}]}}